{"id":169,"date":"2021-12-01T19:48:19","date_gmt":"2021-12-01T18:48:19","guid":{"rendered":"https:\/\/devdoweb.com\/panoptikum\/?page_id=169"},"modified":"2025-06-11T12:46:31","modified_gmt":"2025-06-11T10:46:31","slug":"presse","status":"publish","type":"page","link":"https:\/\/festival-panoptikum.de\/en\/presse\/","title":{"rendered":"Press"},"content":{"rendered":"<p>Informationen zu Festival panoptikum, Details zu Vorstellungen und Pressetickets erhalten Sie unter:<\/p>\n\n\n\n<p>Theater Mummpitz | Presse- und \u00d6ffentlichkeitsarbeit, Britta Steinmann<\/p>\n\n\n\n<p><a href=\"mailto:presse@theater-mummpitz.de\">presse@theater-mummpitz.de<\/a> | Tel.: +49 911 6000-512<\/p>\n\n\n\n<div class=\"wp-block-buttons is-layout-flex wp-block-buttons-is-layout-flex\">\n<div class=\"wp-block-button has-custom-width wp-block-button__width-50 has-custom-font-size is-style-outline has-small-font-size is-style-outline--1\"><a class=\"wp-block-button__link wp-element-button\" href=\"https:\/\/festival-panoptikum.de\/wp-content\/uploads\/2024\/01\/Panoptikum-PresseInfo-allgemein-kurz-.docx\">Informationstext Festival panoptikum kurz<\/a><\/div>\n\n\n\n<div class=\"wp-block-button has-custom-width wp-block-button__width-50 has-custom-font-size is-style-outline has-small-font-size is-style-outline--2\"><a class=\"wp-block-button__link wp-element-button\" href=\"https:\/\/festival-panoptikum.de\/wp-content\/uploads\/2024\/01\/Panoptikum-PresseInfo-allgemein-lang.docx\">Informationstext Festival panoptikum lang<\/a><\/div>\n<\/div>\n\n\n\n<p>  <\/p>\n\n\n\n<p>  <\/p>\n\n\n\n<p>Journalists and organisers are welcome to use the photos free of charge if the photographer is named. <\/p>\n\n\n\n<div class=\"wp-block-buttons is-layout-flex wp-block-buttons-is-layout-flex\">\n<div class=\"wp-block-button has-custom-font-size is-style-outline has-medium-font-size is-style-outline--3\"><a class=\"wp-block-button__link wp-element-button\" href=\"https:\/\/festival-panoptikum.de\/wp-content\/uploads\/2024\/01\/Fotoauswahl-Festival-panoptikum.zip\">Auswahl Bilder panoptikum 2024<\/a><\/div>\n<\/div>\n\n\n\n<p><\/p>\n\n\n\n<h3 class=\"wp-block-heading\" id=\"fotogalerie-zip-zu-allen-inszenierungen\">Galerie(*.zip) for all 2022 productions<\/h3>\n\n\n\n<div class=\"wp-block-columns is-layout-flex wp-container-core-columns-is-layout-9d6595d7 wp-block-columns-is-layout-flex\">\n<div class=\"wp-block-column is-layout-flow wp-block-column-is-layout-flow\" style=\"flex-basis:100%\">\n<div class=\"wp-block-group\"><div class=\"wp-block-group__inner-container is-layout-constrained wp-block-group-is-layout-constrained\">\n<div class=\"wp-block-buttons is-layout-flex wp-block-buttons-is-layout-flex\">\n<div class=\"wp-block-button has-custom-width wp-block-button__width-50 has-custom-font-size is-style-outline has-small-font-size is-style-outline--4\"><a class=\"wp-block-button__link wp-element-button\" href=\"https:\/\/festival-panoptikum.de\/wp-content\/uploads\/2023\/11\/All-die-kleine-Dinge.zip\">All die kleinen Dinge \/ Cie. BlaBla Produktions<\/a><\/div>\n<\/div>\n<\/div><\/div>\n\n\n\n<p><\/p>\n\n\n\n<div class=\"wp-block-buttons is-layout-flex wp-block-buttons-is-layout-flex\">\n<div class=\"wp-block-button has-custom-width wp-block-button__width-50 has-custom-font-size is-style-outline has-small-font-size is-style-outline--5\"><a class=\"wp-block-button__link wp-element-button\" href=\"https:\/\/festival-panoptikum.de\/wp-content\/uploads\/2023\/11\/SW_AlienReality_JimAlbrightFoto_230322-77-1.jpg\">Alien Reality \/ Spiel.Werk<\/a><\/div>\n<\/div>\n\n\n\n<p><\/p>\n\n\n\n<div class=\"wp-block-buttons is-layout-flex wp-block-buttons-is-layout-flex\">\n<div class=\"wp-block-button has-custom-width wp-block-button__width-50 has-custom-font-size is-style-outline has-small-font-size is-style-outline--6\"><a class=\"wp-block-button__link wp-element-button\" href=\"https:\/\/festival-panoptikum.de\/wp-content\/uploads\/2023\/11\/Grammophon.zip\">Angenommen, du h\u00e4ttest ein tragbares Grammophon \/ Teatret Gruppe 38 &amp; Teatret M\u00f8llen &amp; Carte Blanche &amp; teater2tusind<\/a><\/div>\n<\/div>\n\n\n\n<p><\/p>\n\n\n\n<div class=\"wp-block-group\"><div class=\"wp-block-group__inner-container is-layout-constrained wp-block-group-is-layout-constrained\">\n<div class=\"wp-block-buttons is-layout-flex wp-block-buttons-is-layout-flex\">\n<div class=\"wp-block-button has-custom-width wp-block-button__width-50 has-custom-font-size is-style-outline has-small-font-size is-style-outline--7\"><a class=\"wp-block-button__link wp-element-button\" href=\"https:\/\/festival-panoptikum.de\/wp-content\/uploads\/2023\/11\/Reise-zum-Mittelpunkt-des-Waldes.zip\">Die Reise zum Mittelpunkt des Waldes \/ Theater Erlangen<\/a><\/div>\n<\/div>\n\n\n\n<p><\/p>\n\n\n\n<div class=\"wp-block-buttons is-layout-flex wp-block-buttons-is-layout-flex\">\n<div class=\"wp-block-button has-custom-width wp-block-button__width-50 has-custom-font-size is-style-outline has-small-font-size is-style-outline--8\"><a class=\"wp-block-button__link wp-element-button\" href=\"https:\/\/festival-panoptikum.de\/wp-content\/uploads\/2023\/11\/Biene-im-Kopf.zip\">Die Biene im Kopf \/ Theater Pf\u00fctze<\/a><\/div>\n<\/div>\n\n\n\n<p><\/p>\n\n\n\n<div class=\"wp-block-buttons is-layout-flex wp-block-buttons-is-layout-flex\">\n<div class=\"wp-block-button has-custom-width wp-block-button__width-50 has-custom-font-size is-style-outline has-small-font-size is-style-outline--9\"><a class=\"wp-block-button__link wp-element-button\" href=\"https:\/\/festival-panoptikum.de\/wp-content\/uploads\/2023\/11\/Baum-der-Erinnerung.zip\">Der Baum der Erinnerung \/ G\u00e4rtnerplatztheater<\/a><\/div>\n<\/div>\n\n\n\n<p><\/p>\n\n\n\n<div class=\"wp-block-buttons is-layout-flex wp-block-buttons-is-layout-flex\">\n<div class=\"wp-block-button has-custom-width wp-block-button__width-50 has-custom-font-size is-style-outline has-small-font-size is-style-outline--10\"><a class=\"wp-block-button__link wp-element-button\">Der Mann der schwimmen konnte \/ Theater Rootsl\u00f6ffel<\/a><\/div>\n<\/div>\n\n\n\n<p><\/p>\n\n\n\n<div class=\"wp-block-buttons is-layout-flex wp-block-buttons-is-layout-flex\">\n<div class=\"wp-block-button has-custom-width wp-block-button__width-50 has-custom-font-size is-style-outline has-small-font-size is-style-outline--11\"><a class=\"wp-block-button__link wp-element-button\" href=\"https:\/\/festival-panoptikum.de\/wp-content\/uploads\/2023\/11\/Regenbogenfisch.zip\">Der Regenbogenfisch \/ Theater Salz+Pfeffer<\/a><\/div>\n<\/div>\n\n\n\n<p><\/p>\n\n\n\n<div class=\"wp-block-buttons is-layout-flex wp-block-buttons-is-layout-flex\">\n<div class=\"wp-block-button has-custom-width wp-block-button__width-50 has-custom-font-size is-style-outline has-small-font-size is-style-outline--12\"><a class=\"wp-block-button__link wp-element-button\" href=\"https:\/\/festival-panoptikum.de\/wp-content\/uploads\/2023\/11\/Die-Wanderung-der-Tiere.zip\">Die Wanderung der Tiere \/ Compagnia Rodisio<\/a><\/div>\n<\/div>\n<\/div><\/div>\n<\/div>\n<\/div>\n\n\n\n<div class=\"wp-block-buttons is-layout-flex wp-block-buttons-is-layout-flex\">\n<div class=\"wp-block-button has-custom-width wp-block-button__width-50 has-custom-font-size is-style-outline has-small-font-size is-style-outline--13\"><a class=\"wp-block-button__link wp-element-button\" href=\"https:\/\/festival-panoptikum.de\/wp-content\/uploads\/2023\/11\/Ein-Bettchen-von-trost.zip\">Ein Bettchen von Trost \/ Het Lab &amp; Hanneke Paauwe<\/a><\/div>\n<\/div>\n\n\n\n<p><\/p>\n\n\n\n<div class=\"wp-block-buttons is-layout-flex wp-block-buttons-is-layout-flex\">\n<div class=\"wp-block-button has-custom-width wp-block-button__width-50 has-custom-font-size is-style-outline has-small-font-size is-style-outline--14\"><a class=\"wp-block-button__link wp-element-button\" href=\"https:\/\/festival-panoptikum.de\/wp-content\/uploads\/2023\/11\/Ein-Meer-von-Liebe.zip\">Ein Meer von Liebe \/ Compagnie La Salamandre<\/a><\/div>\n<\/div>\n\n\n\n<p><\/p>\n\n\n\n<div class=\"wp-block-buttons is-layout-flex wp-block-buttons-is-layout-flex\">\n<div class=\"wp-block-button has-custom-width wp-block-button__width-50 has-custom-font-size is-style-outline has-small-font-size is-style-outline--15\"><a class=\"wp-block-button__link wp-element-button\" href=\"https:\/\/festival-panoptikum.de\/wp-content\/uploads\/2023\/11\/Fast-im-Nichts.zip\">Fast im Nichts \/ Cie. Manie<\/a><\/div>\n<\/div>\n\n\n\n<p><\/p>\n\n\n\n<div class=\"wp-block-buttons is-layout-flex wp-block-buttons-is-layout-flex\">\n<div class=\"wp-block-button has-custom-width wp-block-button__width-50 has-custom-font-size is-style-outline has-small-font-size is-style-outline--16\"><a class=\"wp-block-button__link wp-element-button\" href=\"https:\/\/festival-panoptikum.de\/wp-content\/uploads\/2023\/11\/Floerchen.zip\">Fl\u00f6rchen \/ Theater Schloss Ma\u00dfbach<\/a><\/div>\n<\/div>\n\n\n\n<p><\/p>\n\n\n\n<div class=\"wp-block-buttons is-layout-flex wp-block-buttons-is-layout-flex\">\n<div class=\"wp-block-button has-custom-width wp-block-button__width-50 has-custom-font-size is-style-outline has-small-font-size is-style-outline--17\"><a class=\"wp-block-button__link wp-element-button\" href=\"https:\/\/www.theater-mummpitz.de\/wp-content\/uploads\/2023\/09\/Jazz-fuer-Raeuber.zip\">Jazz f\u00fcr R\u00e4uber oder Gretels gro\u00dfer Auftritt \/ Theater Mummpitz<\/a><\/div>\n<\/div>\n\n\n\n<p><\/p>\n\n\n\n<div class=\"wp-block-buttons is-layout-flex wp-block-buttons-is-layout-flex\">\n<div class=\"wp-block-button has-custom-width wp-block-button__width-50 has-custom-font-size is-style-outline has-small-font-size is-style-outline--18\"><a class=\"wp-block-button__link wp-element-button\" href=\"https:\/\/www.theater-mummpitz.de\/wp-content\/uploads\/2023\/10\/Memories-Foto-Rudi-Ott-2.zip\">Memories \/ Cie. Gare Central &amp; Theater Mummpitz<\/a><\/div>\n<\/div>\n\n\n\n<p><\/p>\n\n\n\n<div class=\"wp-block-buttons is-layout-flex wp-block-buttons-is-layout-flex\">\n<div class=\"wp-block-button has-custom-width wp-block-button__width-50 has-custom-font-size is-style-outline has-small-font-size is-style-outline--19\"><a class=\"wp-block-button__link wp-element-button\" href=\"https:\/\/www.theater-mummpitz.de\/wp-content\/uploads\/2021\/09\/Paula_und_die_Leichtigkeit_des_Seins.zip\">Paula und die Leichtigkeit des Seins \/ Theater Mummpitz<\/a><\/div>\n<\/div>\n\n\n\n<p><\/p>\n\n\n\n<div class=\"wp-block-buttons is-layout-flex wp-block-buttons-is-layout-flex\">\n<div class=\"wp-block-button has-custom-width wp-block-button__width-50 has-custom-font-size is-style-outline has-small-font-size is-style-outline--20\"><a class=\"wp-block-button__link wp-element-button\" href=\"https:\/\/festival-panoptikum.de\/wp-content\/uploads\/2023\/11\/Rosa.zip\">Rosa \/ Theater Sgaramouch<\/a><\/div>\n<\/div>\n\n\n\n<p><\/p>\n\n\n\n<div class=\"wp-block-buttons is-layout-flex wp-block-buttons-is-layout-flex\">\n<div class=\"wp-block-button has-custom-width wp-block-button__width-50 has-custom-font-size is-style-outline has-small-font-size is-style-outline--21\"><a class=\"wp-block-button__link wp-element-button\" href=\"https:\/\/festival-panoptikum.de\/wp-content\/uploads\/2023\/11\/Runners.zip\">Runners \/ Cirk La Putyka<\/a><\/div>\n<\/div>\n\n\n\n<p><\/p>\n\n\n\n<div class=\"wp-block-buttons is-layout-flex wp-block-buttons-is-layout-flex\">\n<div class=\"wp-block-button has-custom-width wp-block-button__width-50 has-custom-font-size is-style-outline has-small-font-size is-style-outline--22\"><a class=\"wp-block-button__link wp-element-button\" href=\"https:\/\/festival-panoptikum.de\/wp-content\/uploads\/2023\/11\/Schattenwerfefr.zip\">Schatternwerfer \/ Tangram Kollektiv<\/a><\/div>\n<\/div>\n\n\n\n<p><\/p>\n\n\n\n<div class=\"wp-block-buttons is-layout-flex wp-block-buttons-is-layout-flex\">\n<div class=\"wp-block-button has-custom-width wp-block-button__width-50 has-custom-font-size is-style-outline has-small-font-size is-style-outline--23\"><a class=\"wp-block-button__link wp-element-button\" href=\"https:\/\/festival-panoptikum.de\/wp-content\/uploads\/2023\/11\/Spiel-im-Spiel-auswahl3-1.zip\">Spiel im Spiel \/ Ceren Oran &amp; Moving Borders<\/a><\/div>\n<\/div>\n\n\n\n<p><\/p>\n\n\n\n<div class=\"wp-block-buttons is-layout-flex wp-block-buttons-is-layout-flex\">\n<div class=\"wp-block-button has-custom-width wp-block-button__width-50 has-custom-font-size is-style-outline has-small-font-size is-style-outline--24\"><a class=\"wp-block-button__link wp-element-button\" href=\"https:\/\/festival-panoptikum.de\/wp-content\/uploads\/2023\/11\/The-big-bang.zip\">The Big Bang \/ Klaip\u00e8da Puppet Theatre, Itim Ensemble<\/a><\/div>\n<\/div>\n\n\n\n<p><\/p>\n\n\n\n<div class=\"wp-block-buttons is-layout-flex wp-block-buttons-is-layout-flex\">\n<div class=\"wp-block-button has-custom-width wp-block-button__width-50 has-custom-font-size is-style-outline has-small-font-size is-style-outline--25\"><a class=\"wp-block-button__link wp-element-button\" href=\"https:\/\/festival-panoptikum.de\/wp-content\/uploads\/2023\/11\/Wenn-Ferdinand-nachts-schlafen.zip\">Wenn Ferdinand nachts schlafen geht \/ Thalias Kompagnons<\/a><\/div>\n<\/div>","protected":false},"excerpt":{"rendered":"<p>Informationen zu Festival panoptikum, Details zu Vorstellungen und Pressetickets erhalten Sie unter: Theater Mummpitz | Presse- und \u00d6ffentlichkeitsarbeit, Britta Steinmann presse@theater-mummpitz.de | Tel.: +49 911 6000-512 Gerne k\u00f6nnen die Fotos von Journalist:innen und Veranstalter:innen verwendet werden und zwar honorarfrei bei Nennung des\/der Fotograf:in. Fotogalerie (*.zip) zu allen Inszenierungen<\/p>","protected":false},"author":3,"featured_media":1915,"parent":0,"menu_order":12,"comment_status":"closed","ping_status":"closed","template":"","meta":{"footnotes":""},"class_list":["post-169","page","type-page","status-publish","has-post-thumbnail","hentry"],"_links":{"self":[{"href":"https:\/\/festival-panoptikum.de\/en\/wp-json\/wp\/v2\/pages\/169","targetHints":{"allow":["GET"]}}],"collection":[{"href":"https:\/\/festival-panoptikum.de\/en\/wp-json\/wp\/v2\/pages"}],"about":[{"href":"https:\/\/festival-panoptikum.de\/en\/wp-json\/wp\/v2\/types\/page"}],"author":[{"embeddable":true,"href":"https:\/\/festival-panoptikum.de\/en\/wp-json\/wp\/v2\/users\/3"}],"replies":[{"embeddable":true,"href":"https:\/\/festival-panoptikum.de\/en\/wp-json\/wp\/v2\/comments?post=169"}],"version-history":[{"count":51,"href":"https:\/\/festival-panoptikum.de\/en\/wp-json\/wp\/v2\/pages\/169\/revisions"}],"predecessor-version":[{"id":1792,"href":"https:\/\/festival-panoptikum.de\/en\/wp-json\/wp\/v2\/pages\/169\/revisions\/1792"}],"wp:featuredmedia":[{"embeddable":true,"href":"https:\/\/festival-panoptikum.de\/en\/wp-json\/wp\/v2\/media\/1915"}],"wp:attachment":[{"href":"https:\/\/festival-panoptikum.de\/en\/wp-json\/wp\/v2\/media?parent=169"}],"curies":[{"name":"wp","href":"https:\/\/api.w.org\/{rel}","templated":true}]}}